{"id":5797,"date":"2020-02-18T12:41:20","date_gmt":"2020-02-18T12:41:20","guid":{"rendered":"https:\/\/www.empacklogisticsautomationporto.com\/?page_id=5797"},"modified":"2026-03-26T11:51:46","modified_gmt":"2026-03-26T11:51:46","slug":"blog","status":"publish","type":"page","link":"https:\/\/www.empacklogisticsautomationporto.com\/pt-pt\/meios-de-comunicacao\/blog\/","title":{"rendered":"Empack e L&amp;A Blog"},"content":{"rendered":"\t\t<div data-elementor-type=\"wp-page\" data-elementor-id=\"5797\" class=\"elementor elementor-5797\" data-elementor-post-type=\"page\">\n\t\t\t\t\t\t<section class=\"elementor-section elementor-top-section elementor-element elementor-element-32bef80b elementor-section-full_width elementor-section-height-default elementor-section-height-default\" data-id=\"32bef80b\" data-element_type=\"section\" data-settings=\"{&quot;background_background&quot;:&quot;classic&quot;}\">\n\t\t\t\t\t\t<div class=\"elementor-container elementor-column-gap-default\">\n\t\t\t\t\t<div class=\"elementor-column elementor-col-50 elementor-top-column elementor-element elementor-element-1f2930cc\" data-id=\"1f2930cc\" data-element_type=\"column\" data-settings=\"{&quot;background_background&quot;:&quot;classic&quot;}\">\n\t\t\t<div class=\"elementor-widget-wrap\">\n\t\t\t\t\t\t\t<\/div>\n\t\t<\/div>\n\t\t\t\t<div class=\"elementor-column elementor-col-50 elementor-top-column elementor-element elementor-element-76fa7aba\" data-id=\"76fa7aba\" data-element_type=\"column\">\n\t\t\t<div class=\"elementor-widget-wrap elementor-element-populated\">\n\t\t\t\t\t\t<div class=\"elementor-element elementor-element-31647623 elementor-widget elementor-widget-heading\" data-id=\"31647623\" data-element_type=\"widget\" data-widget_type=\"heading.default\">\n\t\t\t\t<div class=\"elementor-widget-container\">\n\t\t\t\t\t<h1 class=\"elementor-heading-title elementor-size-default\">Empack and Logistics &amp; Automation Porto Blog<\/h1>\t\t\t\t<\/div>\n\t\t\t\t<\/div>\n\t\t\t\t<div class=\"elementor-element elementor-element-507c9839 elementor-widget-tablet__width-initial elementor-widget elementor-widget-text-editor\" data-id=\"507c9839\" data-element_type=\"widget\" data-widget_type=\"text-editor.default\">\n\t\t\t\t<div class=\"elementor-widget-container\">\n\t\t\t\t\t\t\t\t\t<p>Descubra as novidades de embalagem e log\u00edstica, todas as novidades do evento, confer\u00eancias, actividades, \u00e1reas\u2026 assim como os seus expositores.<\/p><p>Mantenha-se informado sobre as \u00faltimas novidades em embalagem e log\u00edstica na nossa Newsletter.<\/p>\t\t\t\t\t\t\t\t<\/div>\n\t\t\t\t<\/div>\n\t\t\t\t<div class=\"elementor-element elementor-element-e957516 elementor-align-left elementor-mobile-align-center elementor-widget elementor-widget-button\" data-id=\"e957516\" data-element_type=\"widget\" data-widget_type=\"button.default\">\n\t\t\t\t<div class=\"elementor-widget-container\">\n\t\t\t\t\t\t\t\t\t<div class=\"elementor-button-wrapper\">\n\t\t\t\t\t<a class=\"elementor-button elementor-button-link elementor-size-xs\" href=\"https:\/\/www.empacklogisticsautomationporto.com\/pt-pt\/meios-de-comunicacao\/subscrever\/\">\n\t\t\t\t\t\t<span class=\"elementor-button-content-wrapper\">\n\t\t\t\t\t\t<span class=\"elementor-button-icon\">\n\t\t\t\t\t\t\t<\/span>\n\t\t\t\t\t\t\t\t\t<span class=\"elementor-button-text\">Subscrever<\/span>\n\t\t\t\t\t<\/span>\n\t\t\t\t\t<\/a>\n\t\t\t\t<\/div>\n\t\t\t\t\t\t\t\t<\/div>\n\t\t\t\t<\/div>\n\t\t\t\t\t<\/div>\n\t\t<\/div>\n\t\t\t\t\t<\/div>\n\t\t<\/section>\n\t\t\t\t<section class=\"elementor-section elementor-top-section elementor-element elementor-element-66f03a4 elementor-section-full_width elementor-section-height-default elementor-section-height-default\" data-id=\"66f03a4\" data-element_type=\"section\" data-settings=\"{&quot;background_background&quot;:&quot;classic&quot;}\">\n\t\t\t\t\t\t\t<div class=\"elementor-background-overlay\"><\/div>\n\t\t\t\t\t\t\t<div class=\"elementor-container elementor-column-gap-default\">\n\t\t\t\t\t<div class=\"elementor-column elementor-col-100 elementor-top-column elementor-element elementor-element-3876e26\" data-id=\"3876e26\" data-element_type=\"column\">\n\t\t\t<div class=\"elementor-widget-wrap elementor-element-populated\">\n\t\t\t\t\t\t<div class=\"elementor-element elementor-element-69cf52c elementor-grid-4 elementor-grid-tablet-2 elementor-grid-mobile-1 elementor-posts--thumbnail-top elementor-posts__hover-gradient elementor-widget elementor-widget-posts\" data-id=\"69cf52c\" data-element_type=\"widget\" data-settings=\"{&quot;pagination_type&quot;:&quot;numbers&quot;,&quot;cards_columns&quot;:&quot;4&quot;,&quot;cards_row_gap&quot;:{&quot;unit&quot;:&quot;px&quot;,&quot;size&quot;:34,&quot;sizes&quot;:[]},&quot;cards_columns_tablet&quot;:&quot;2&quot;,&quot;cards_columns_mobile&quot;:&quot;1&quot;,&quot;cards_row_gap_tablet&quot;:{&quot;unit&quot;:&quot;px&quot;,&quot;size&quot;:&quot;&quot;,&quot;sizes&quot;:[]},&quot;cards_row_gap_mobile&quot;:{&quot;unit&quot;:&quot;px&quot;,&quot;size&quot;:&quot;&quot;,&quot;sizes&quot;:[]}}\" data-widget_type=\"posts.cards\">\n\t\t\t\t<div class=\"elementor-widget-container\">\n\t\t\t\t\t\t\t<div class=\"elementor-posts-container elementor-posts elementor-posts--skin-cards elementor-grid\" role=\"list\">\n\t\t\t\t<article class=\"elementor-post elementor-grid-item post-183874 post type-post status-publish format-standard has-post-thumbnail hentry category-blog tag-automacao tag-bruxelas tag-embalagens tag-empack tag-logistica tag-manutencao tag-noticias tag-portugal\" role=\"listitem\">\n\t\t\t<div class=\"elementor-post__card\">\n\t\t\t\t<a class=\"elementor-post__thumbnail__link\" href=\"https:\/\/www.empacklogisticsautomationporto.com\/pt-pt\/2026\/04\/01\/bruxelas-clarifica-novas-regras-de-embalagens-para-acelerar-transicao-sustentavel-na-uniao-europeia\/\" tabindex=\"-1\" ><div class=\"elementor-post__thumbnail\"><img fetchpriority=\"high\" decoding=\"async\" width=\"400\" height=\"250\" src=\"https:\/\/easyfairsassets.com\/sites\/68\/2026\/04\/noticia-UE-INDIA-03-02-4.png\" class=\"attachment-2048x2048 size-2048x2048 wp-image-183880\" alt=\"noticia newsletter empack porto 2026 abril\" srcset=\"https:\/\/easyfairsassets.com\/sites\/68\/2026\/04\/noticia-UE-INDIA-03-02-4.png 400w, https:\/\/easyfairsassets.com\/sites\/68\/2026\/04\/noticia-UE-INDIA-03-02-4-300x188.png 300w\" sizes=\"(max-width: 400px) 100vw, 400px\" \/><\/div><\/a>\n\t\t\t\t<div class=\"elementor-post__text\">\n\t\t\t\t<h2 class=\"elementor-post__title\">\n\t\t\t<a href=\"https:\/\/www.empacklogisticsautomationporto.com\/pt-pt\/2026\/04\/01\/bruxelas-clarifica-novas-regras-de-embalagens-para-acelerar-transicao-sustentavel-na-uniao-europeia\/\" >\n\t\t\t\tBruxelas clarifica novas regras de embalagens para acelerar transi\u00e7\u00e3o sustent\u00e1vel na Uni\u00e3o Europeia\t\t\t<\/a>\n\t\t<\/h2>\n\t\t\t\t<div class=\"elementor-post__excerpt\">\n\t\t\t<p>Bruxelas clarifica novas regras de embalagens para acelerar transi\u00e7\u00e3o sustent\u00e1vel na Uni\u00e3o Europeia Comiss\u00e3o Europeia<\/p>\n\t\t<\/div>\n\t\t\t\t\t<div class=\"elementor-post__read-more-wrapper\">\n\t\t\n\t\t<a class=\"elementor-post__read-more\" href=\"https:\/\/www.empacklogisticsautomationporto.com\/pt-pt\/2026\/04\/01\/bruxelas-clarifica-novas-regras-de-embalagens-para-acelerar-transicao-sustentavel-na-uniao-europeia\/\" aria-label=\"Read more about Bruxelas clarifica novas regras de embalagens para acelerar transi\u00e7\u00e3o sustent\u00e1vel na Uni\u00e3o Europeia\" tabindex=\"-1\" >\n\t\t\tLER MAIS \u00bb\t\t<\/a>\n\n\t\t\t\t\t<\/div>\n\t\t\t\t<\/div>\n\t\t\t\t<div class=\"elementor-post__meta-data\">\n\t\t\t\t\t<span class=\"elementor-post-date\">\n\t\t\tAbril 1, 2026\t\t<\/span>\n\t\t\t\t<\/div>\n\t\t\t\t\t<\/div>\n\t\t<\/article>\n\t\t\t\t<article class=\"elementor-post elementor-grid-item post-183860 post type-post status-publish format-standard has-post-thumbnail hentry category-blog tag-automacao tag-empack tag-logistica tag-manutencao tag-noticias tag-portugal tag-sustentabilidade\" role=\"listitem\">\n\t\t\t<div class=\"elementor-post__card\">\n\t\t\t\t<a class=\"elementor-post__thumbnail__link\" href=\"https:\/\/www.empacklogisticsautomationporto.com\/pt-pt\/2026\/04\/01\/dossier-sustentabilidade-e-manutencao\/\" tabindex=\"-1\" ><div class=\"elementor-post__thumbnail\"><img decoding=\"async\" width=\"400\" height=\"250\" src=\"https:\/\/easyfairsassets.com\/sites\/68\/2026\/04\/noticia-UE-INDIA-03-02-3.png\" class=\"attachment-2048x2048 size-2048x2048 wp-image-183867\" alt=\"noticia dossier sustentabilidade revista manuten\u00e7\u00e3o\" srcset=\"https:\/\/easyfairsassets.com\/sites\/68\/2026\/04\/noticia-UE-INDIA-03-02-3.png 400w, https:\/\/easyfairsassets.com\/sites\/68\/2026\/04\/noticia-UE-INDIA-03-02-3-300x188.png 300w\" sizes=\"(max-width: 400px) 100vw, 400px\" \/><\/div><\/a>\n\t\t\t\t<div class=\"elementor-post__text\">\n\t\t\t\t<h2 class=\"elementor-post__title\">\n\t\t\t<a href=\"https:\/\/www.empacklogisticsautomationporto.com\/pt-pt\/2026\/04\/01\/dossier-sustentabilidade-e-manutencao\/\" >\n\t\t\t\tDossier sustentabilidade e manuten\u00e7\u00e3o\t\t\t<\/a>\n\t\t<\/h2>\n\t\t\t\t<div class=\"elementor-post__excerpt\">\n\t\t\t<p>Dossier sustentabilidade e manuten\u00e7\u00e3o O presente dossier chama a aten\u00e7\u00e3o para uma nova via para<\/p>\n\t\t<\/div>\n\t\t\t\t\t<div class=\"elementor-post__read-more-wrapper\">\n\t\t\n\t\t<a class=\"elementor-post__read-more\" href=\"https:\/\/www.empacklogisticsautomationporto.com\/pt-pt\/2026\/04\/01\/dossier-sustentabilidade-e-manutencao\/\" aria-label=\"Read more about Dossier sustentabilidade e manuten\u00e7\u00e3o\" tabindex=\"-1\" >\n\t\t\tLER MAIS \u00bb\t\t<\/a>\n\n\t\t\t\t\t<\/div>\n\t\t\t\t<\/div>\n\t\t\t\t<div class=\"elementor-post__meta-data\">\n\t\t\t\t\t<span class=\"elementor-post-date\">\n\t\t\tAbril 1, 2026\t\t<\/span>\n\t\t\t\t<\/div>\n\t\t\t\t\t<\/div>\n\t\t<\/article>\n\t\t\t\t<article class=\"elementor-post elementor-grid-item post-183838 post type-post status-publish format-standard has-post-thumbnail hentry category-blog tag-decima-edicao tag-domino tag-historias-que-inspiram tag-marque-tdi\" role=\"listitem\">\n\t\t\t<div class=\"elementor-post__card\">\n\t\t\t\t<a class=\"elementor-post__thumbnail__link\" href=\"https:\/\/www.empacklogisticsautomationporto.com\/pt-pt\/2026\/04\/01\/historias-que-inspiram-domino\/\" tabindex=\"-1\" ><div class=\"elementor-post__thumbnail\"><img decoding=\"async\" width=\"1080\" height=\"710\" src=\"https:\/\/easyfairsassets.com\/sites\/68\/2026\/04\/HqI-DOMINO.png\" class=\"attachment-2048x2048 size-2048x2048 wp-image-183847\" alt=\"Historias que Inspiram - DOMINO\" srcset=\"https:\/\/easyfairsassets.com\/sites\/68\/2026\/04\/HqI-DOMINO.png 1080w, https:\/\/easyfairsassets.com\/sites\/68\/2026\/04\/HqI-DOMINO-300x197.png 300w, https:\/\/easyfairsassets.com\/sites\/68\/2026\/04\/HqI-DOMINO-1024x673.png 1024w, https:\/\/easyfairsassets.com\/sites\/68\/2026\/04\/HqI-DOMINO-768x505.png 768w\" sizes=\"(max-width: 1080px) 100vw, 1080px\" \/><\/div><\/a>\n\t\t\t\t<div class=\"elementor-post__text\">\n\t\t\t\t<h2 class=\"elementor-post__title\">\n\t\t\t<a href=\"https:\/\/www.empacklogisticsautomationporto.com\/pt-pt\/2026\/04\/01\/historias-que-inspiram-domino\/\" >\n\t\t\t\tHist\u00f3rias que Inspiram &#8211; DOMINO\t\t\t<\/a>\n\t\t<\/h2>\n\t\t\t\t<div class=\"elementor-post__excerpt\">\n\t\t\t<p>Hist\u00f3rias que Inspiram 10 anos de Empack e Logistics &amp; Automation Porto Hist\u00f3rias que Inspiram<\/p>\n\t\t<\/div>\n\t\t\t\t\t<div class=\"elementor-post__read-more-wrapper\">\n\t\t\n\t\t<a class=\"elementor-post__read-more\" href=\"https:\/\/www.empacklogisticsautomationporto.com\/pt-pt\/2026\/04\/01\/historias-que-inspiram-domino\/\" aria-label=\"Read more about Hist\u00f3rias que Inspiram &#8211; DOMINO\" tabindex=\"-1\" >\n\t\t\tLER MAIS \u00bb\t\t<\/a>\n\n\t\t\t\t\t<\/div>\n\t\t\t\t<\/div>\n\t\t\t\t<div class=\"elementor-post__meta-data\">\n\t\t\t\t\t<span class=\"elementor-post-date\">\n\t\t\tAbril 1, 2026\t\t<\/span>\n\t\t\t\t<\/div>\n\t\t\t\t\t<\/div>\n\t\t<\/article>\n\t\t\t\t<article class=\"elementor-post elementor-grid-item post-183821 post type-post status-publish format-standard has-post-thumbnail hentry category-blog tag-decima-edicao tag-historias-que-inspiram tag-rotom\" role=\"listitem\">\n\t\t\t<div class=\"elementor-post__card\">\n\t\t\t\t<a class=\"elementor-post__thumbnail__link\" href=\"https:\/\/www.empacklogisticsautomationporto.com\/pt-pt\/2026\/03\/31\/historias-que-inspiram-rotom\/\" tabindex=\"-1\" ><div class=\"elementor-post__thumbnail\"><img loading=\"lazy\" decoding=\"async\" width=\"1080\" height=\"710\" src=\"https:\/\/easyfairsassets.com\/sites\/68\/2026\/03\/HqI-ROTOM.png\" class=\"attachment-2048x2048 size-2048x2048 wp-image-183827\" alt=\"historias que inspiram - ROTOM\" srcset=\"https:\/\/easyfairsassets.com\/sites\/68\/2026\/03\/HqI-ROTOM.png 1080w, https:\/\/easyfairsassets.com\/sites\/68\/2026\/03\/HqI-ROTOM-300x197.png 300w, https:\/\/easyfairsassets.com\/sites\/68\/2026\/03\/HqI-ROTOM-1024x673.png 1024w, https:\/\/easyfairsassets.com\/sites\/68\/2026\/03\/HqI-ROTOM-768x505.png 768w\" sizes=\"(max-width: 1080px) 100vw, 1080px\" \/><\/div><\/a>\n\t\t\t\t<div class=\"elementor-post__text\">\n\t\t\t\t<h2 class=\"elementor-post__title\">\n\t\t\t<a href=\"https:\/\/www.empacklogisticsautomationporto.com\/pt-pt\/2026\/03\/31\/historias-que-inspiram-rotom\/\" >\n\t\t\t\tHist\u00f3rias que Inspiram &#8211; ROTOM\t\t\t<\/a>\n\t\t<\/h2>\n\t\t\t\t<div class=\"elementor-post__excerpt\">\n\t\t\t<p>Hist\u00f3rias que Inspiram 10 anos de Empack e Logistics &amp; Automation Porto Hist\u00f3rias que Inspiram<\/p>\n\t\t<\/div>\n\t\t\t\t\t<div class=\"elementor-post__read-more-wrapper\">\n\t\t\n\t\t<a class=\"elementor-post__read-more\" href=\"https:\/\/www.empacklogisticsautomationporto.com\/pt-pt\/2026\/03\/31\/historias-que-inspiram-rotom\/\" aria-label=\"Read more about Hist\u00f3rias que Inspiram &#8211; ROTOM\" tabindex=\"-1\" >\n\t\t\tLER MAIS \u00bb\t\t<\/a>\n\n\t\t\t\t\t<\/div>\n\t\t\t\t<\/div>\n\t\t\t\t<div class=\"elementor-post__meta-data\">\n\t\t\t\t\t<span class=\"elementor-post-date\">\n\t\t\tMar\u00e7o 31, 2026\t\t<\/span>\n\t\t\t\t<\/div>\n\t\t\t\t\t<\/div>\n\t\t<\/article>\n\t\t\t\t<article class=\"elementor-post elementor-grid-item post-183795 post type-post status-publish format-standard has-post-thumbnail hentry category-blog tag-decima-edicao tag-fanuc tag-historias-que-inspiram\" role=\"listitem\">\n\t\t\t<div class=\"elementor-post__card\">\n\t\t\t\t<a class=\"elementor-post__thumbnail__link\" href=\"https:\/\/www.empacklogisticsautomationporto.com\/pt-pt\/2026\/03\/31\/historias-que-inspiram-fanuc\/\" tabindex=\"-1\" ><div class=\"elementor-post__thumbnail\"><img loading=\"lazy\" decoding=\"async\" width=\"1080\" height=\"710\" src=\"https:\/\/easyfairsassets.com\/sites\/68\/2026\/03\/HqI-FANUC.png\" class=\"attachment-2048x2048 size-2048x2048 wp-image-183801\" alt=\"Hist\u00f3rias que inspiram - FANUC\" srcset=\"https:\/\/easyfairsassets.com\/sites\/68\/2026\/03\/HqI-FANUC.png 1080w, https:\/\/easyfairsassets.com\/sites\/68\/2026\/03\/HqI-FANUC-300x197.png 300w, https:\/\/easyfairsassets.com\/sites\/68\/2026\/03\/HqI-FANUC-1024x673.png 1024w, https:\/\/easyfairsassets.com\/sites\/68\/2026\/03\/HqI-FANUC-768x505.png 768w\" sizes=\"(max-width: 1080px) 100vw, 1080px\" \/><\/div><\/a>\n\t\t\t\t<div class=\"elementor-post__text\">\n\t\t\t\t<h2 class=\"elementor-post__title\">\n\t\t\t<a href=\"https:\/\/www.empacklogisticsautomationporto.com\/pt-pt\/2026\/03\/31\/historias-que-inspiram-fanuc\/\" >\n\t\t\t\tHist\u00f3rias que Inspiram &#8211; FANUC\t\t\t<\/a>\n\t\t<\/h2>\n\t\t\t\t<div class=\"elementor-post__excerpt\">\n\t\t\t<p>Hist\u00f3rias que Inspiram 10 anos de Empack e Logistics &amp; Automation Porto Hist\u00f3rias que Inspiram<\/p>\n\t\t<\/div>\n\t\t\t\t\t<div class=\"elementor-post__read-more-wrapper\">\n\t\t\n\t\t<a class=\"elementor-post__read-more\" href=\"https:\/\/www.empacklogisticsautomationporto.com\/pt-pt\/2026\/03\/31\/historias-que-inspiram-fanuc\/\" aria-label=\"Read more about Hist\u00f3rias que Inspiram &#8211; FANUC\" tabindex=\"-1\" >\n\t\t\tLER MAIS \u00bb\t\t<\/a>\n\n\t\t\t\t\t<\/div>\n\t\t\t\t<\/div>\n\t\t\t\t<div class=\"elementor-post__meta-data\">\n\t\t\t\t\t<span class=\"elementor-post-date\">\n\t\t\tMar\u00e7o 31, 2026\t\t<\/span>\n\t\t\t\t<\/div>\n\t\t\t\t\t<\/div>\n\t\t<\/article>\n\t\t\t\t<article class=\"elementor-post elementor-grid-item post-183766 post type-post status-publish format-standard has-post-thumbnail hentry category-blog category-um-cafe-com tag-autora tag-fundadora-e-ceo-da-as-nove tag-keynote-speaker tag-sofia-de-castro-fernandes tag-um-cafe-com\" role=\"listitem\">\n\t\t\t<div class=\"elementor-post__card\">\n\t\t\t\t<a class=\"elementor-post__thumbnail__link\" href=\"https:\/\/www.empacklogisticsautomationporto.com\/pt-pt\/2026\/03\/31\/um-cafe-com-sofia-de-castro-fernandes-autora-fundadora-e-ceo-da-as-nove-e-keynote-speaker-da-empack-e-logistics-automation-porto-2026\/\" tabindex=\"-1\" ><div class=\"elementor-post__thumbnail\"><img loading=\"lazy\" decoding=\"async\" width=\"1250\" height=\"833\" src=\"https:\/\/easyfairsassets.com\/sites\/68\/2026\/03\/cafe-com.-Sofia-de-Castro.png\" class=\"attachment-2048x2048 size-2048x2048 wp-image-183775\" alt=\"Um caf\u00e9 com... Sofia de Castro\" srcset=\"https:\/\/easyfairsassets.com\/sites\/68\/2026\/03\/cafe-com.-Sofia-de-Castro.png 1250w, https:\/\/easyfairsassets.com\/sites\/68\/2026\/03\/cafe-com.-Sofia-de-Castro-300x200.png 300w, https:\/\/easyfairsassets.com\/sites\/68\/2026\/03\/cafe-com.-Sofia-de-Castro-1024x682.png 1024w, https:\/\/easyfairsassets.com\/sites\/68\/2026\/03\/cafe-com.-Sofia-de-Castro-768x512.png 768w\" sizes=\"(max-width: 1250px) 100vw, 1250px\" \/><\/div><\/a>\n\t\t\t\t<div class=\"elementor-post__text\">\n\t\t\t\t<h2 class=\"elementor-post__title\">\n\t\t\t<a href=\"https:\/\/www.empacklogisticsautomationporto.com\/pt-pt\/2026\/03\/31\/um-cafe-com-sofia-de-castro-fernandes-autora-fundadora-e-ceo-da-as-nove-e-keynote-speaker-da-empack-e-logistics-automation-porto-2026\/\" >\n\t\t\t\tUm caf\u00e9 com\u2026 Sofia de Castro Fernandes, autora, fundadora e CEO da \u00c0s nove e Keynote Speaker da Empack e Logistics &amp; Automation Porto 2026\t\t\t<\/a>\n\t\t<\/h2>\n\t\t\t\t<div class=\"elementor-post__excerpt\">\n\t\t\t<p>Um caf\u00e9 com\u2026 Sofia de Castro Fernandes, Autora, fundadora e CEO da \u00c0s nove e<\/p>\n\t\t<\/div>\n\t\t\t\t\t<div class=\"elementor-post__read-more-wrapper\">\n\t\t\n\t\t<a class=\"elementor-post__read-more\" href=\"https:\/\/www.empacklogisticsautomationporto.com\/pt-pt\/2026\/03\/31\/um-cafe-com-sofia-de-castro-fernandes-autora-fundadora-e-ceo-da-as-nove-e-keynote-speaker-da-empack-e-logistics-automation-porto-2026\/\" aria-label=\"Read more about Um caf\u00e9 com\u2026 Sofia de Castro Fernandes, autora, fundadora e CEO da \u00c0s nove e Keynote Speaker da Empack e Logistics &amp; Automation Porto 2026\" tabindex=\"-1\" >\n\t\t\tLER MAIS \u00bb\t\t<\/a>\n\n\t\t\t\t\t<\/div>\n\t\t\t\t<\/div>\n\t\t\t\t<div class=\"elementor-post__meta-data\">\n\t\t\t\t\t<span class=\"elementor-post-date\">\n\t\t\tMar\u00e7o 31, 2026\t\t<\/span>\n\t\t\t\t<\/div>\n\t\t\t\t\t<\/div>\n\t\t<\/article>\n\t\t\t\t<article class=\"elementor-post elementor-grid-item post-183750 post type-post status-publish format-standard has-post-thumbnail hentry category-blog category-um-cafe-com tag-andre-machado tag-logicor tag-senior-director-country-lead-portugal tag-um-cafe-com\" role=\"listitem\">\n\t\t\t<div class=\"elementor-post__card\">\n\t\t\t\t<a class=\"elementor-post__thumbnail__link\" href=\"https:\/\/www.empacklogisticsautomationporto.com\/pt-pt\/2026\/03\/31\/um-cafe-com-andre-machado-senior-director-country-lead-portugal-logicor\/\" tabindex=\"-1\" ><div class=\"elementor-post__thumbnail\"><img loading=\"lazy\" decoding=\"async\" width=\"1250\" height=\"833\" src=\"https:\/\/easyfairsassets.com\/sites\/68\/2026\/03\/cafe-com.-Andre-Machado.png\" class=\"attachment-2048x2048 size-2048x2048 wp-image-183756\" alt=\"Un caf\u00e9 com.. Andr\u00e9 MACHADO LOGICOR\" srcset=\"https:\/\/easyfairsassets.com\/sites\/68\/2026\/03\/cafe-com.-Andre-Machado.png 1250w, https:\/\/easyfairsassets.com\/sites\/68\/2026\/03\/cafe-com.-Andre-Machado-300x200.png 300w, https:\/\/easyfairsassets.com\/sites\/68\/2026\/03\/cafe-com.-Andre-Machado-1024x682.png 1024w, https:\/\/easyfairsassets.com\/sites\/68\/2026\/03\/cafe-com.-Andre-Machado-768x512.png 768w\" sizes=\"(max-width: 1250px) 100vw, 1250px\" \/><\/div><\/a>\n\t\t\t\t<div class=\"elementor-post__text\">\n\t\t\t\t<h2 class=\"elementor-post__title\">\n\t\t\t<a href=\"https:\/\/www.empacklogisticsautomationporto.com\/pt-pt\/2026\/03\/31\/um-cafe-com-andre-machado-senior-director-country-lead-portugal-logicor\/\" >\n\t\t\t\tUm caf\u00e9 com\u2026 Andr\u00e9 Machado, Senior Director &#038; Country Lead Portugal, Logicor\t\t\t<\/a>\n\t\t<\/h2>\n\t\t\t\t<div class=\"elementor-post__excerpt\">\n\t\t\t<p>Um caf\u00e9 com\u2026 Eduardo Cornago \u00c9gido, Diretor de Opera\u00e7\u00f5es da Gin Puerto de Indias L&amp;A:<\/p>\n\t\t<\/div>\n\t\t\t\t\t<div class=\"elementor-post__read-more-wrapper\">\n\t\t\n\t\t<a class=\"elementor-post__read-more\" href=\"https:\/\/www.empacklogisticsautomationporto.com\/pt-pt\/2026\/03\/31\/um-cafe-com-andre-machado-senior-director-country-lead-portugal-logicor\/\" aria-label=\"Read more about Um caf\u00e9 com\u2026 Andr\u00e9 Machado, Senior Director &#038; Country Lead Portugal, Logicor\" tabindex=\"-1\" >\n\t\t\tLER MAIS \u00bb\t\t<\/a>\n\n\t\t\t\t\t<\/div>\n\t\t\t\t<\/div>\n\t\t\t\t<div class=\"elementor-post__meta-data\">\n\t\t\t\t\t<span class=\"elementor-post-date\">\n\t\t\tMar\u00e7o 31, 2026\t\t<\/span>\n\t\t\t\t<\/div>\n\t\t\t\t\t<\/div>\n\t\t<\/article>\n\t\t\t\t<article class=\"elementor-post elementor-grid-item post-181881 post type-post status-publish format-standard has-post-thumbnail hentry category-blog tag-automacao tag-empack tag-logistica tag-noticias tag-portugal\" role=\"listitem\">\n\t\t\t<div class=\"elementor-post__card\">\n\t\t\t\t<a class=\"elementor-post__thumbnail__link\" href=\"https:\/\/www.empacklogisticsautomationporto.com\/pt-pt\/2026\/03\/04\/robotica-141-relacao-entre-automacao-inteligente-e-talento-humano\/\" tabindex=\"-1\" ><div class=\"elementor-post__thumbnail\"><img loading=\"lazy\" decoding=\"async\" width=\"400\" height=\"250\" src=\"https:\/\/easyfairsassets.com\/sites\/68\/2026\/03\/noticia-UE-INDIA-03-02-2.png\" class=\"attachment-2048x2048 size-2048x2048 wp-image-182020\" alt=\"noticia Revista rob\u00f3tica\" srcset=\"https:\/\/easyfairsassets.com\/sites\/68\/2026\/03\/noticia-UE-INDIA-03-02-2.png 400w, https:\/\/easyfairsassets.com\/sites\/68\/2026\/03\/noticia-UE-INDIA-03-02-2-300x188.png 300w\" sizes=\"(max-width: 400px) 100vw, 400px\" \/><\/div><\/a>\n\t\t\t\t<div class=\"elementor-post__text\">\n\t\t\t\t<h2 class=\"elementor-post__title\">\n\t\t\t<a href=\"https:\/\/www.empacklogisticsautomationporto.com\/pt-pt\/2026\/03\/04\/robotica-141-relacao-entre-automacao-inteligente-e-talento-humano\/\" >\n\t\t\t\tRob\u00f3tica 141: rela\u00e7\u00e3o entre automa\u00e7\u00e3o inteligente e talento humano\t\t\t<\/a>\n\t\t<\/h2>\n\t\t\t\t<div class=\"elementor-post__excerpt\">\n\t\t\t<p>Rob\u00f3tica 141: rela\u00e7\u00e3o entre automa\u00e7\u00e3o inteligente e talento humano A\u00a0edi\u00e7\u00e3o 141 da revista Rob\u00f3tica\u00a0foi dedicada<\/p>\n\t\t<\/div>\n\t\t\t\t\t<div class=\"elementor-post__read-more-wrapper\">\n\t\t\n\t\t<a class=\"elementor-post__read-more\" href=\"https:\/\/www.empacklogisticsautomationporto.com\/pt-pt\/2026\/03\/04\/robotica-141-relacao-entre-automacao-inteligente-e-talento-humano\/\" aria-label=\"Read more about Rob\u00f3tica 141: rela\u00e7\u00e3o entre automa\u00e7\u00e3o inteligente e talento humano\" tabindex=\"-1\" >\n\t\t\tLER MAIS \u00bb\t\t<\/a>\n\n\t\t\t\t\t<\/div>\n\t\t\t\t<\/div>\n\t\t\t\t<div class=\"elementor-post__meta-data\">\n\t\t\t\t\t<span class=\"elementor-post-date\">\n\t\t\tMar\u00e7o 4, 2026\t\t<\/span>\n\t\t\t\t<\/div>\n\t\t\t\t\t<\/div>\n\t\t<\/article>\n\t\t\t\t<article class=\"elementor-post elementor-grid-item post-181931 post type-post status-publish format-standard has-post-thumbnail hentry category-blog category-um-cafe-com tag-diretor-de-operacoes tag-eduardo-cornago-egido tag-gin-puerto-de-indias tag-um-cafe-com\" role=\"listitem\">\n\t\t\t<div class=\"elementor-post__card\">\n\t\t\t\t<a class=\"elementor-post__thumbnail__link\" href=\"https:\/\/www.empacklogisticsautomationporto.com\/pt-pt\/2026\/03\/04\/um-cafe-com-eduardo-cornago-egido-diretor-de-operacoes-da-gin-puerto-de-indias\/\" tabindex=\"-1\" ><div class=\"elementor-post__thumbnail\"><img loading=\"lazy\" decoding=\"async\" width=\"1250\" height=\"833\" src=\"https:\/\/easyfairsassets.com\/sites\/68\/2026\/03\/cafe-com.-Eduardo-Cornago-Egido.png\" class=\"attachment-2048x2048 size-2048x2048 wp-image-181941\" alt=\"caf\u00e9 com... Eduardo Cornago \u00c9gido\" srcset=\"https:\/\/easyfairsassets.com\/sites\/68\/2026\/03\/cafe-com.-Eduardo-Cornago-Egido.png 1250w, https:\/\/easyfairsassets.com\/sites\/68\/2026\/03\/cafe-com.-Eduardo-Cornago-Egido-300x200.png 300w, https:\/\/easyfairsassets.com\/sites\/68\/2026\/03\/cafe-com.-Eduardo-Cornago-Egido-1024x682.png 1024w, https:\/\/easyfairsassets.com\/sites\/68\/2026\/03\/cafe-com.-Eduardo-Cornago-Egido-768x512.png 768w\" sizes=\"(max-width: 1250px) 100vw, 1250px\" \/><\/div><\/a>\n\t\t\t\t<div class=\"elementor-post__text\">\n\t\t\t\t<h2 class=\"elementor-post__title\">\n\t\t\t<a href=\"https:\/\/www.empacklogisticsautomationporto.com\/pt-pt\/2026\/03\/04\/um-cafe-com-eduardo-cornago-egido-diretor-de-operacoes-da-gin-puerto-de-indias\/\" >\n\t\t\t\tUm caf\u00e9 com\u2026 Eduardo Cornago \u00c9gido, Diretor de Opera\u00e7\u00f5es da Gin Puerto de Indias\t\t\t<\/a>\n\t\t<\/h2>\n\t\t\t\t<div class=\"elementor-post__excerpt\">\n\t\t\t<p>Um caf\u00e9 com\u2026 Eduardo Cornago \u00c9gido, Diretor de Opera\u00e7\u00f5es da Gin Puerto de Indias L&amp;A:<\/p>\n\t\t<\/div>\n\t\t\t\t\t<div class=\"elementor-post__read-more-wrapper\">\n\t\t\n\t\t<a class=\"elementor-post__read-more\" href=\"https:\/\/www.empacklogisticsautomationporto.com\/pt-pt\/2026\/03\/04\/um-cafe-com-eduardo-cornago-egido-diretor-de-operacoes-da-gin-puerto-de-indias\/\" aria-label=\"Read more about Um caf\u00e9 com\u2026 Eduardo Cornago \u00c9gido, Diretor de Opera\u00e7\u00f5es da Gin Puerto de Indias\" tabindex=\"-1\" >\n\t\t\tLER MAIS \u00bb\t\t<\/a>\n\n\t\t\t\t\t<\/div>\n\t\t\t\t<\/div>\n\t\t\t\t<div class=\"elementor-post__meta-data\">\n\t\t\t\t\t<span class=\"elementor-post-date\">\n\t\t\tMar\u00e7o 4, 2026\t\t<\/span>\n\t\t\t\t<\/div>\n\t\t\t\t\t<\/div>\n\t\t<\/article>\n\t\t\t\t<article class=\"elementor-post elementor-grid-item post-181856 post type-post status-publish format-standard has-post-thumbnail hentry category-blog tag-barreira tag-embalagens tag-garcia-carrion tag-green-smart tag-sumo tag-tetra-pak\" role=\"listitem\">\n\t\t\t<div class=\"elementor-post__card\">\n\t\t\t\t<a class=\"elementor-post__thumbnail__link\" href=\"https:\/\/www.empacklogisticsautomationporto.com\/pt-pt\/2026\/03\/04\/tetra-pak-lanca-primeira-barreira-a-base-de-papel-do-mundo-para-embalagens-de-sumo\/\" tabindex=\"-1\" ><div class=\"elementor-post__thumbnail\"><img loading=\"lazy\" decoding=\"async\" width=\"1080\" height=\"710\" src=\"https:\/\/easyfairsassets.com\/sites\/68\/2026\/03\/green-and-smart-3-26.png\" class=\"attachment-2048x2048 size-2048x2048 wp-image-181866\" alt=\"Tetra Pak NOTICIA green and smart\" srcset=\"https:\/\/easyfairsassets.com\/sites\/68\/2026\/03\/green-and-smart-3-26.png 1080w, https:\/\/easyfairsassets.com\/sites\/68\/2026\/03\/green-and-smart-3-26-300x197.png 300w, https:\/\/easyfairsassets.com\/sites\/68\/2026\/03\/green-and-smart-3-26-1024x673.png 1024w, https:\/\/easyfairsassets.com\/sites\/68\/2026\/03\/green-and-smart-3-26-768x505.png 768w\" sizes=\"(max-width: 1080px) 100vw, 1080px\" \/><\/div><\/a>\n\t\t\t\t<div class=\"elementor-post__text\">\n\t\t\t\t<h2 class=\"elementor-post__title\">\n\t\t\t<a href=\"https:\/\/www.empacklogisticsautomationporto.com\/pt-pt\/2026\/03\/04\/tetra-pak-lanca-primeira-barreira-a-base-de-papel-do-mundo-para-embalagens-de-sumo\/\" >\n\t\t\t\tTetra Pak lan\u00e7a primeira barreira \u00e0 base de papel do mundo para embalagens de sumo\t\t\t<\/a>\n\t\t<\/h2>\n\t\t\t\t<div class=\"elementor-post__excerpt\">\n\t\t\t<p>Tetra Pak lan\u00e7a primeira barreira \u00e0 base de papel do mundo para embalagens de sumo<\/p>\n\t\t<\/div>\n\t\t\t\t\t<div class=\"elementor-post__read-more-wrapper\">\n\t\t\n\t\t<a class=\"elementor-post__read-more\" href=\"https:\/\/www.empacklogisticsautomationporto.com\/pt-pt\/2026\/03\/04\/tetra-pak-lanca-primeira-barreira-a-base-de-papel-do-mundo-para-embalagens-de-sumo\/\" aria-label=\"Read more about Tetra Pak lan\u00e7a primeira barreira \u00e0 base de papel do mundo para embalagens de sumo\" tabindex=\"-1\" >\n\t\t\tLER MAIS \u00bb\t\t<\/a>\n\n\t\t\t\t\t<\/div>\n\t\t\t\t<\/div>\n\t\t\t\t<div class=\"elementor-post__meta-data\">\n\t\t\t\t\t<span class=\"elementor-post-date\">\n\t\t\tMar\u00e7o 4, 2026\t\t<\/span>\n\t\t\t\t<\/div>\n\t\t\t\t\t<\/div>\n\t\t<\/article>\n\t\t\t\t<article class=\"elementor-post elementor-grid-item post-181838 post type-post status-publish format-standard has-post-thumbnail hentry category-blog tag-event-partner tag-lib tag-logicor tag-logistic-and-industrial-build tag-porto\" role=\"listitem\">\n\t\t\t<div class=\"elementor-post__card\">\n\t\t\t\t<a class=\"elementor-post__thumbnail__link\" href=\"https:\/\/www.empacklogisticsautomationporto.com\/pt-pt\/2026\/03\/03\/a-nova-era-do-imobiliario-logistico-em-portugal-logicor-junta-se-como-event-partner\/\" tabindex=\"-1\" ><div class=\"elementor-post__thumbnail\"><img loading=\"lazy\" decoding=\"async\" width=\"400\" height=\"250\" src=\"https:\/\/easyfairsassets.com\/sites\/68\/2026\/03\/noticia-logicor-03-02-1.png\" class=\"attachment-2048x2048 size-2048x2048 wp-image-181849\" alt=\"Logicor EVENT PARTNER\" srcset=\"https:\/\/easyfairsassets.com\/sites\/68\/2026\/03\/noticia-logicor-03-02-1.png 400w, https:\/\/easyfairsassets.com\/sites\/68\/2026\/03\/noticia-logicor-03-02-1-300x188.png 300w\" sizes=\"(max-width: 400px) 100vw, 400px\" \/><\/div><\/a>\n\t\t\t\t<div class=\"elementor-post__text\">\n\t\t\t\t<h2 class=\"elementor-post__title\">\n\t\t\t<a href=\"https:\/\/www.empacklogisticsautomationporto.com\/pt-pt\/2026\/03\/03\/a-nova-era-do-imobiliario-logistico-em-portugal-logicor-junta-se-como-event-partner\/\" >\n\t\t\t\tA Nova Era do Imobili\u00e1rio Log\u00edstico em Portugal: Logicor junta-se como Event Partner\t\t\t<\/a>\n\t\t<\/h2>\n\t\t\t\t<div class=\"elementor-post__excerpt\">\n\t\t\t<p>A Nova Era do Imobili\u00e1rio Log\u00edstico em Portugal: Logicor junta-se como Event Partner A pr\u00f3xima<\/p>\n\t\t<\/div>\n\t\t\t\t\t<div class=\"elementor-post__read-more-wrapper\">\n\t\t\n\t\t<a class=\"elementor-post__read-more\" href=\"https:\/\/www.empacklogisticsautomationporto.com\/pt-pt\/2026\/03\/03\/a-nova-era-do-imobiliario-logistico-em-portugal-logicor-junta-se-como-event-partner\/\" aria-label=\"Read more about A Nova Era do Imobili\u00e1rio Log\u00edstico em Portugal: Logicor junta-se como Event Partner\" tabindex=\"-1\" >\n\t\t\tLER MAIS \u00bb\t\t<\/a>\n\n\t\t\t\t\t<\/div>\n\t\t\t\t<\/div>\n\t\t\t\t<div class=\"elementor-post__meta-data\">\n\t\t\t\t\t<span class=\"elementor-post-date\">\n\t\t\tMar\u00e7o 3, 2026\t\t<\/span>\n\t\t\t\t<\/div>\n\t\t\t\t\t<\/div>\n\t\t<\/article>\n\t\t\t\t<article class=\"elementor-post elementor-grid-item post-179249 post type-post status-publish format-standard has-post-thumbnail hentry category-blog tag-exportacoes-portuguesas tag-india tag-livre-comercio tag-ue\" role=\"listitem\">\n\t\t\t<div class=\"elementor-post__card\">\n\t\t\t\t<a class=\"elementor-post__thumbnail__link\" href=\"https:\/\/www.empacklogisticsautomationporto.com\/pt-pt\/2026\/02\/03\/ue-e-india-concluem-acordo-de-livre-comercio-com-impacto-positivo-nas-exportacoes-portuguesas\/\" tabindex=\"-1\" ><div class=\"elementor-post__thumbnail\"><img loading=\"lazy\" decoding=\"async\" width=\"400\" height=\"250\" src=\"https:\/\/easyfairsassets.com\/sites\/68\/2026\/02\/noticia-UE-INDIA-03-02.png\" class=\"attachment-2048x2048 size-2048x2048 wp-image-179256\" alt=\"noticia UE e \u00edndia exporta\u00e7\u00e3o\" srcset=\"https:\/\/easyfairsassets.com\/sites\/68\/2026\/02\/noticia-UE-INDIA-03-02.png 400w, https:\/\/easyfairsassets.com\/sites\/68\/2026\/02\/noticia-UE-INDIA-03-02-300x188.png 300w\" sizes=\"(max-width: 400px) 100vw, 400px\" \/><\/div><\/a>\n\t\t\t\t<div class=\"elementor-post__text\">\n\t\t\t\t<h2 class=\"elementor-post__title\">\n\t\t\t<a href=\"https:\/\/www.empacklogisticsautomationporto.com\/pt-pt\/2026\/02\/03\/ue-e-india-concluem-acordo-de-livre-comercio-com-impacto-positivo-nas-exportacoes-portuguesas\/\" >\n\t\t\t\tUE e \u00cdndia concluem acordo de livre com\u00e9rcio com impacto positivo nas exporta\u00e7\u00f5es portuguesas\t\t\t<\/a>\n\t\t<\/h2>\n\t\t\t\t<div class=\"elementor-post__excerpt\">\n\t\t\t<p>UE e \u00cdndia concluem acordo de livre com\u00e9rcio com impacto positivo nas exporta\u00e7\u00f5es portuguesas A<\/p>\n\t\t<\/div>\n\t\t\t\t\t<div class=\"elementor-post__read-more-wrapper\">\n\t\t\n\t\t<a class=\"elementor-post__read-more\" href=\"https:\/\/www.empacklogisticsautomationporto.com\/pt-pt\/2026\/02\/03\/ue-e-india-concluem-acordo-de-livre-comercio-com-impacto-positivo-nas-exportacoes-portuguesas\/\" aria-label=\"Read more about UE e \u00cdndia concluem acordo de livre com\u00e9rcio com impacto positivo nas exporta\u00e7\u00f5es portuguesas\" tabindex=\"-1\" >\n\t\t\tLER MAIS \u00bb\t\t<\/a>\n\n\t\t\t\t\t<\/div>\n\t\t\t\t<\/div>\n\t\t\t\t<div class=\"elementor-post__meta-data\">\n\t\t\t\t\t<span class=\"elementor-post-date\">\n\t\t\tFevereiro 3, 2026\t\t<\/span>\n\t\t\t\t<\/div>\n\t\t\t\t\t<\/div>\n\t\t<\/article>\n\t\t\t\t<\/div>\n\t\t\n\t\t\t\t<div class=\"e-load-more-anchor\" data-page=\"1\" data-max-page=\"18\" data-next-page=\"https:\/\/www.empacklogisticsautomationporto.com\/pt-pt\/wp-json\/wp\/v2\/pages\/5797\/page\/2\/\"><\/div>\n\t\t\t\t<nav class=\"elementor-pagination\" aria-label=\"Pagination\">\n\t\t\t<span aria-current=\"page\" class=\"page-numbers current\"><span class=\"elementor-screen-only\">Page<\/span>1<\/span>\n<a class=\"page-numbers\" href=\"https:\/\/www.empacklogisticsautomationporto.com\/pt-pt\/wp-json\/wp\/v2\/pages\/5797\/page\/2\/\"><span class=\"elementor-screen-only\">Page<\/span>2<\/a>\n<a class=\"page-numbers\" href=\"https:\/\/www.empacklogisticsautomationporto.com\/pt-pt\/wp-json\/wp\/v2\/pages\/5797\/page\/3\/\"><span class=\"elementor-screen-only\">Page<\/span>3<\/a>\n<a class=\"page-numbers\" href=\"https:\/\/www.empacklogisticsautomationporto.com\/pt-pt\/wp-json\/wp\/v2\/pages\/5797\/page\/4\/\"><span class=\"elementor-screen-only\">Page<\/span>4<\/a>\n<a class=\"page-numbers\" href=\"https:\/\/www.empacklogisticsautomationporto.com\/pt-pt\/wp-json\/wp\/v2\/pages\/5797\/page\/5\/\"><span class=\"elementor-screen-only\">Page<\/span>5<\/a>\t\t<\/nav>\n\t\t\t\t\t\t<\/div>\n\t\t\t\t<\/div>\n\t\t\t\t\t<\/div>\n\t\t<\/div>\n\t\t\t\t\t<\/div>\n\t\t<\/section>\n\t\t\t\t<\/div>\n\t\t","protected":false},"excerpt":{"rendered":"<p>Empack and Logistics &amp; Automation Porto Blog Descubra as novidades de embalagem e log\u00edstica, todas as novidades do evento, confer\u00eancias, actividades, \u00e1reas\u2026 assim como os seus expositores. Mantenha-se informado sobre as \u00faltimas novidades em embalagem e log\u00edstica na nossa Newsletter. Subscrever<\/p>\n","protected":false},"author":1,"featured_media":0,"parent":5727,"menu_order":0,"comment_status":"closed","ping_status":"closed","template":"","meta":{"_seopress_robots_primary_cat":"","_seopress_titles_title":"Empack e L&A Blog | Empack e Logistics & Automation","_seopress_titles_desc":"Descubra as novidades de embalagem e log\u00edstica, assim como todas as novidades do evento, confer\u00eancias, actividades, \u00e1reas...","_seopress_robots_index":"","footnotes":""},"class_list":["post-5797","page","type-page","status-publish","hentry"],"_links":{"self":[{"href":"https:\/\/www.empacklogisticsautomationporto.com\/pt-pt\/wp-json\/wp\/v2\/pages\/5797","targetHints":{"allow":["GET"]}}],"collection":[{"href":"https:\/\/www.empacklogisticsautomationporto.com\/pt-pt\/wp-json\/wp\/v2\/pages"}],"about":[{"href":"https:\/\/www.empacklogisticsautomationporto.com\/pt-pt\/wp-json\/wp\/v2\/types\/page"}],"author":[{"embeddable":true,"href":"https:\/\/www.empacklogisticsautomationporto.com\/pt-pt\/wp-json\/wp\/v2\/users\/1"}],"replies":[{"embeddable":true,"href":"https:\/\/www.empacklogisticsautomationporto.com\/pt-pt\/wp-json\/wp\/v2\/comments?post=5797"}],"version-history":[{"count":5,"href":"https:\/\/www.empacklogisticsautomationporto.com\/pt-pt\/wp-json\/wp\/v2\/pages\/5797\/revisions"}],"predecessor-version":[{"id":183154,"href":"https:\/\/www.empacklogisticsautomationporto.com\/pt-pt\/wp-json\/wp\/v2\/pages\/5797\/revisions\/183154"}],"up":[{"embeddable":true,"href":"https:\/\/www.empacklogisticsautomationporto.com\/pt-pt\/wp-json\/wp\/v2\/pages\/5727"}],"wp:attachment":[{"href":"https:\/\/www.empacklogisticsautomationporto.com\/pt-pt\/wp-json\/wp\/v2\/media?parent=5797"}],"curies":[{"name":"wp","href":"https:\/\/api.w.org\/{rel}","templated":true}]}}